{"id":18,"date":"2018-06-09T11:26:31","date_gmt":"2018-06-09T09:26:31","guid":{"rendered":"http:\/\/corsediet.fr\/?page_id=18"},"modified":"2018-06-27T18:00:11","modified_gmt":"2018-06-27T16:00:11","slug":"a-propos-de","status":"publish","type":"page","link":"https:\/\/corsediet.fr\/?page_id=18","title":{"rendered":"Qui suis-je?"},"content":{"rendered":"<h2>Mon Dipl\u00f4me et Mes Exp\u00e9riences<\/h2>\n<p>Di\u00e9t\u00e9ticienne-Nutritionniste, dipl\u00f4m\u00e9e d&#8217;\u00e9tat en di\u00e9t\u00e9tique depuis 2003, j&#8217;ai d&#8217;abord exerc\u00e9 \u00e0 Lyon dans le 9\u00e8me arrondissement aupr\u00e8s des personnes \u00e2g\u00e9es, afin de pr\u00e9venir leur d\u00e9nutrition et de les garder en bonne sant\u00e9. En plus de mon activit\u00e9 lib\u00e9rale, je travaille en centre de r\u00e9\u00e9ducation, o\u00f9 je prends en charge aussi bien des patients atteins de pathologies ( diab\u00e8te, cholest\u00e9rol, insuffisance r\u00e9nale&#8230;) que des patients devant perdre du poids afin de retrouver leur mobilit\u00e9 et leur autonomie le plus rapidement possible.<\/p>\n<p>Je compl\u00e8te r\u00e9guli\u00e8rement ma formation initiale.<\/p>\n<p>Je suis form\u00e9e \u00e0 la prise en charge de MICI ( maladies inflammatoires chroniques de l&#8217;intestin).<\/p>\n<p>J&#8217;ai valid\u00e9 plusieurs formations en \u00e9ducation th\u00e9rapeutique du patient ( ETP), je dispense des ateliers d&#8217;\u00e9ducation th\u00e9rapeutique du patient et je coordonne un programme d&#8217;ETP au sein du centre de r\u00e9\u00e9ducation.<\/p>\n<p>&nbsp;<\/p>\n<p>&nbsp;<\/p>\n<h2>Quelle diff\u00e9rence entre di\u00e9t\u00e9ticien et nutritionniste?<\/h2>\n<p>&nbsp;<\/p>\n<h3 style=\"text-align: center;\">Qu&#8217;est ce qu&#8217;un di\u00e9t\u00e9ticien?<\/h3>\n<p>&nbsp;<\/p>\n<p>Le <strong>di\u00e9t\u00e9ticien<\/strong> est un <strong>professionnel de sant\u00e9<\/strong> qui dispense des conseils en mati\u00e8re d&#8217;\u00e9quilibre alimentaire. Il participe \u00e0 l&#8217;\u00e9ducation nutritionnelle des patients en \u00e9tablissant un bilan di\u00e9t\u00e9tique personnalis\u00e9 et en assurant un suivi adapt\u00e9.<\/p>\n<p>Seuls peuvent exercer cette <strong>profession r\u00e9glement\u00e9e<\/strong> ( loi n\u00b02007-127 du 30 janvier 2007) les titulaires d&#8217;un <strong>dipl\u00f4me sp\u00e9cifique<\/strong> : BTS Di\u00e9t\u00e9tique ou DUT G\u00e9nie Biologique option Di\u00e9t\u00e9tique.<\/p>\n<p>Les di\u00e9t\u00e9ticiens sont tenus de faire enregistrer leur dipl\u00f4me dans le fichier ADELI du minist\u00e8re de la sant\u00e9.<\/p>\n<p>Le di\u00e9t\u00e9ticien, qui est tenu par le <strong>secret professionnel<\/strong>, doit imp\u00e9rativement \u00e9couter ses patients <strong>sans les juger<\/strong>, pour pouvoir leur donner des <strong>conseils appropri\u00e9s<\/strong> et rem\u00e9dier ainsi \u00e0 leurs erreurs alimentaires.<\/p>\n<h3 style=\"text-align: center;\">Qu&#8217;est ce qu&#8217;un nutritionniste?<\/h3>\n<p>Le terme &#8220;nutritionniste&#8221; ne d\u00e9finit pas pr\u00e9cis\u00e9ment une profession. Il s&#8217;agit d&#8217;un adjectif qui qualifie un <strong>expert en nutrition<\/strong>. Il peut \u00eatre attribu\u00e9 \u00e0 un m\u00e9decin ayant suivi une formation sp\u00e9cifique en nutrition apr\u00e8s son cursus initial ou \u00e0 un di\u00e9t\u00e9ticien. Cependant, comme ce terme n&#8217;est \u00e0 ce jour pas r\u00e9glement\u00e9, n&#8217;importe qui peut l&#8217;utiliser sans dipl\u00f4me et sans appartenir au domaine m\u00e9dical ou param\u00e9dical.<\/p>\n<p>Nombreux sont les sites web qui assimilent les &#8220;nutritionnistes&#8221; \u00e0 des m\u00e9decins mais attention , ce n&#8217;est pas n\u00e9cessairement le cas.<\/p>\n<p>&nbsp;<\/p>\n<h3>Pour r\u00e9sumer :<\/h3>\n<p>-un <strong>m\u00e9decin nutritionniste<\/strong> est un <strong>m\u00e9decin<\/strong> ( docteur en m\u00e9decine) ayant suivi une <strong>formation suppl\u00e9mentaire en nutrition<\/strong>.<\/p>\n<p>-un <strong>di\u00e9t\u00e9ticien<\/strong> est un p<strong>rofessionnel de sant\u00e9 dipl\u00f4m\u00e9 en di\u00e9t\u00e9tique<\/strong> et <strong>expert en nutrition<\/strong> ( 2 \u00e0 3 ans d&#8217;\u00e9tudes sp\u00e9cialis\u00e9es uniquement en nutrition).<\/p>\n<p>-un <strong>nutritionniste<\/strong> n&#8217;est <strong>ni m\u00e9decin, ni di\u00e9t\u00e9ticien<\/strong>. Il peut \u00eatre dipl\u00f4m\u00e9 en nutrition mais ce n&#8217;est pas une obligation puisque aucune r\u00e9glementation ne l&#8217;exige \u00e0 l&#8217;heure actuelle.<\/p>\n<p>Soyez donc vigilant lorsque vous prenez rendez-vous et assurez-vous d&#8217;\u00eatre suivi par un professionnel dipl\u00f4m\u00e9 et donc comp\u00e9tent.<\/p>\n<p>&nbsp;<\/p>\n<h2>Mon num\u00e9ro ADELI<\/h2>\n<p>Le minist\u00e8re de la sant\u00e9 attribue \u00e0 chaque di\u00e9t\u00e9ticienne un num\u00e9ro d&#8217;enregistrement appel\u00e9 num\u00e9ro ADELI. Ce num\u00e9ro justifie de l&#8217;obtention de notre dipl\u00f4me et de notre inscription aupr\u00e8s de l&#8217;agence r\u00e9gionale de la sant\u00e9.<\/p>\n<p>Mon num\u00e9ro est le :<strong>\u00a02A 95 0035 2<\/strong><\/p>\n","protected":false},"excerpt":{"rendered":"<p>Mon Dipl\u00f4me et Mes Exp\u00e9riences Di\u00e9t\u00e9ticienne-Nutritionniste, dipl\u00f4m\u00e9e d&#8217;\u00e9tat en di\u00e9t\u00e9tique depuis 2003, j&#8217;ai d&#8217;abord exerc\u00e9 \u00e0 Lyon dans le 9\u00e8me arrondissement aupr\u00e8s des personnes \u00e2g\u00e9es, afin de pr\u00e9venir leur d\u00e9nutrition et de les garder en bonne sant\u00e9. En plus de mon activit\u00e9 lib\u00e9rale, je travaille en centre de r\u00e9\u00e9ducation, o\u00f9 je prends en charge aussi&#8230;<\/p>\n","protected":false},"author":1,"featured_media":0,"parent":0,"menu_order":0,"comment_status":"closed","ping_status":"closed","template":"","meta":{"footnotes":""},"class_list":["post-18","page","type-page","status-publish","hentry"],"_links":{"self":[{"href":"https:\/\/corsediet.fr\/index.php?rest_route=\/wp\/v2\/pages\/18","targetHints":{"allow":["GET"]}}],"collection":[{"href":"https:\/\/corsediet.fr\/index.php?rest_route=\/wp\/v2\/pages"}],"about":[{"href":"https:\/\/corsediet.fr\/index.php?rest_route=\/wp\/v2\/types\/page"}],"author":[{"embeddable":true,"href":"https:\/\/corsediet.fr\/index.php?rest_route=\/wp\/v2\/users\/1"}],"replies":[{"embeddable":true,"href":"https:\/\/corsediet.fr\/index.php?rest_route=%2Fwp%2Fv2%2Fcomments&post=18"}],"version-history":[{"count":15,"href":"https:\/\/corsediet.fr\/index.php?rest_route=\/wp\/v2\/pages\/18\/revisions"}],"predecessor-version":[{"id":318,"href":"https:\/\/corsediet.fr\/index.php?rest_route=\/wp\/v2\/pages\/18\/revisions\/318"}],"wp:attachment":[{"href":"https:\/\/corsediet.fr\/index.php?rest_route=%2Fwp%2Fv2%2Fmedia&parent=18"}],"curies":[{"name":"wp","href":"https:\/\/api.w.org\/{rel}","templated":true}]}}